{"id":16,"date":"2020-05-08T11:58:04","date_gmt":"2020-05-08T11:58:04","guid":{"rendered":"http:\/\/thomasbeimel.de\/?page_id=16"},"modified":"2022-01-30T19:49:44","modified_gmt":"2022-01-30T19:49:44","slug":"kompositionen","status":"publish","type":"page","link":"https:\/\/thomasbeimel.de\/?page_id=16","title":{"rendered":"Kompositionen"},"content":{"rendered":"\n<p style=\"font-size:14px\">Auftr\u00e4ge vom Kultursekretariat NRW, den Vereinigten St\u00e4dtischen B\u00fchnen Krefeld und M\u00f6nchengladbach, der Kunststiftung NRW, den Musikschulen in&nbsp;Leichlingen und Bochum, dem Kulturb\u00fcro Wuppertal, dem Stadttheater F\u00fcrth, den Wuppertaler B\u00fchnen, der Bamberger Dommusik, dem Kettwiger Bach-Ensemble und dem Bayerischen Kammerorchester.<br><br>Auff\u00fchrungen u.a. am Stadttheater M\u00f6nchengladbach, bei den Weltmusiktagen 1999 in Rum\u00e4nien,&nbsp;&nbsp; bei der Bergischen Biennale, den \u201cTagen Neuer Musik\u201d in N\u00fcrnberg 2000, den Festivals f\u00fcr zeitgen\u00f6ssische Musik in Bukarest und Chisinau (Moldawien), der Wuppertaler Oper, der Philharmonie Essen und im Sendesaal des WDR.<\/p>\n\n\n\n<p style=\"font-size:14px\">Partituren und Material:&nbsp; <a href=\"mailto:archiv@thomasbeimel.de\" target=\"_blank\" rel=\"noreferrer noopener\">archiv @ thomasbeimel.de<\/a><\/p>\n\n\n\n<p style=\"font-size:14px\">Alle auf dieser Seite ver\u00f6ffentlichten Partituren werden kostenfrei f\u00fcr Auff\u00fchrungen und nichtkommerzielle Nutzungen zur Verf\u00fcgung gestellt. Alle Rechte verbleiben beim Urheber.<\/p>\n\n\n\n<div class=\"wp-block-image\"><figure class=\"alignright size-large is-resized\"><a href=\"http:\/\/thomasbeimel.de\/wp-content\/uploads\/2020\/11\/im-anfang-war-das-wort-24.09.17-Partitur.pdf\" target=\"_blank\" rel=\"noopener noreferrer\"><img loading=\"lazy\" decoding=\"async\" src=\"http:\/\/thomasbeimel.de\/wp-content\/uploads\/2020\/05\/Partitur-Icon-120px.png\" alt=\"\" class=\"wp-image-20\" width=\"60\" height=\"60\"\/><\/a><\/figure><\/div>\n\n\n\n<p style=\"font-size:14px\">2016 <strong>Im Anfang<\/strong><br>zum Prolog des Johannes-Evangeliums<br>choir SATB &amp;<br>brass: 2 Ob, 2 Cl, 2 Bn, 4 Hn, 2 Tr, 3 Tbn<\/p>\n\n\n\n<p>   <\/p>\n\n\n\n<div class=\"wp-block-image\"><figure class=\"alignright size-large is-resized\"><a href=\"http:\/\/thomasbeimel.de\/wp-content\/uploads\/2020\/05\/ricercar.pdf\" target=\"_blank\" rel=\"ricercar noopener noreferrer\"><img loading=\"lazy\" decoding=\"async\" src=\"http:\/\/thomasbeimel.de\/wp-content\/uploads\/2020\/05\/Partitur-Icon-120px.png\" alt=\"\" class=\"wp-image-20\" width=\"60\" height=\"60\"\/><\/a><\/figure><\/div>\n\n\n\n<p style=\"font-size:14px\">2016 <strong>ricercar<\/strong><br>organ<br><\/p>\n\n\n\n<p>   <\/p>\n\n\n\n<div class=\"wp-block-image\"><figure class=\"alignright size-large is-resized\"><a href=\"http:\/\/thomasbeimel.de\/wp-content\/uploads\/2020\/05\/kaleidoskop.pdf\" target=\"_blank\" rel=\"noopener noreferrer\"><img loading=\"lazy\" decoding=\"async\" src=\"http:\/\/thomasbeimel.de\/wp-content\/uploads\/2020\/05\/Partitur-Icon-120px.png\" alt=\"\" class=\"wp-image-20\" width=\"60\" height=\"60\"\/><\/a><\/figure><\/div>\n\n\n\n<p style=\"font-size:14px\">2015 <strong>kaleidoskop<\/strong><br>mucial box<br><\/p>\n\n\n\n<p>   <\/p>\n\n\n\n<div class=\"wp-block-image\"><figure class=\"alignright size-large is-resized\"><a href=\"http:\/\/thomasbeimel.de\/wp-content\/uploads\/2020\/11\/sonata-ascensio.pdf\" target=\"_blank\" rel=\"noopener noreferrer\"><img loading=\"lazy\" decoding=\"async\" src=\"http:\/\/thomasbeimel.de\/wp-content\/uploads\/2020\/05\/Partitur-Icon-120px.png\" alt=\"\" class=\"wp-image-20\" width=\"60\" height=\"60\"\/><\/a><\/figure><\/div>\n\n\n\n<p style=\"font-size:14px\">2015 <strong>sonata<\/strong> <strong>(ascensio)<\/strong><br>five violas<br><\/p>\n\n\n\n<p>   <\/p>\n\n\n\n<div class=\"wp-block-image\"><figure class=\"alignright size-large is-resized\"><a href=\"http:\/\/thomasbeimel.de\/wp-content\/uploads\/2020\/11\/epiphania.pdf\" target=\"_blank\" rel=\"noopener noreferrer\"><img loading=\"lazy\" decoding=\"async\" src=\"http:\/\/thomasbeimel.de\/wp-content\/uploads\/2020\/05\/Partitur-Icon-120px.png\" alt=\"\" class=\"wp-image-20\" width=\"60\" height=\"60\"\/><\/a><\/figure><\/div>\n\n\n\n<p style=\"font-size:14px\">2015 <strong>epiphania<\/strong><br>organ, two trumpets, violin, cello and percussion<br><\/p>\n\n\n\n<p>   <\/p>\n\n\n\n<div class=\"wp-block-image\"><figure class=\"alignright size-large is-resized\"><a href=\"http:\/\/thomasbeimel.de\/wp-content\/uploads\/2020\/11\/kreisfoermiges-ritual.pdf\" target=\"_blank\" rel=\"noopener noreferrer\"><img loading=\"lazy\" decoding=\"async\" src=\"http:\/\/thomasbeimel.de\/wp-content\/uploads\/2020\/05\/Partitur-Icon-120px.png\" alt=\"\" class=\"wp-image-20\" width=\"60\" height=\"60\"\/><\/a><\/figure><\/div>\n\n\n\n<p style=\"font-size:14px\">2014\/15 <strong>kreisf\u00f6rmiges ritual<\/strong><br>string quartet<br><\/p>\n\n\n\n<p>   <\/p>\n\n\n\n<div class=\"wp-block-image\"><figure class=\"alignright size-large is-resized\"><a href=\"http:\/\/thomasbeimel.de\/wp-content\/uploads\/2020\/05\/aria.pdf\" target=\"_blank\" rel=\"noopener noreferrer\"><img loading=\"lazy\" decoding=\"async\" src=\"http:\/\/thomasbeimel.de\/wp-content\/uploads\/2020\/05\/Partitur-Icon-120px.png\" alt=\"\" class=\"wp-image-20\" width=\"60\" height=\"60\"\/><\/a><\/figure><\/div>\n\n\n\n<p style=\"font-size:14px\">2014 <strong>aria<\/strong><br>violin, cello and piano<br><\/p>\n\n\n\n<p>   <\/p>\n\n\n\n<div class=\"wp-block-image\"><figure class=\"alignright size-large is-resized\"><a href=\"http:\/\/thomasbeimel.de\/wp-content\/uploads\/2020\/05\/sonata (memoria).pdf\" target=\"_blank\" rel=\"noopener noreferrer\"><img loading=\"lazy\" decoding=\"async\" src=\"http:\/\/thomasbeimel.de\/wp-content\/uploads\/2020\/05\/Partitur-Icon-120px.png\" alt=\"\" class=\"wp-image-20\" width=\"60\" height=\"60\"\/><\/a><\/figure><\/div>\n\n\n\n<p style=\"font-size:14px\">2014 <strong>sonata<\/strong> <strong>(memoria)<\/strong><br>musical box<\/p>\n\n\n\n<figure class=\"wp-block-audio\"><audio controls src=\"http:\/\/thomasbeimel.de\/wp-content\/uploads\/2020\/05\/sonata-memoria-clip.mp3\"><\/audio><figcaption>  <\/figcaption><\/figure>\n\n\n\n<p><\/p>\n\n\n\n<div class=\"wp-block-image is-style-default\"><figure class=\"alignright size-large is-resized\"><a href=\"http:\/\/thomasbeimel.de\/wp-content\/uploads\/2020\/05\/missa brevis.pdf\" target=\"_blank\" rel=\"noopener noreferrer\"><img loading=\"lazy\" decoding=\"async\" src=\"http:\/\/thomasbeimel.de\/wp-content\/uploads\/2020\/05\/Partitur-Icon-120px.png\" alt=\"\" class=\"wp-image-20\" width=\"60\" height=\"60\"\/><\/a><\/figure><\/div>\n\n\n\n<p class=\"has-small-font-size\">2013\/14 <strong>missa brevis<\/strong><br>one part choir (soprano or contralto),<br>mixed choir, percussion group<\/p>\n\n\n\n<figure class=\"wp-block-audio\"><audio controls src=\"http:\/\/thomasbeimel.de\/wp-content\/uploads\/2020\/05\/Missa-brevis-Sanctus-Clip.mp3\"><\/audio><figcaption>  <\/figcaption><\/figure>\n\n\n\n<p><\/p>\n\n\n\n<div class=\"wp-block-image\"><figure class=\"alignright size-large is-resized\"><a href=\"http:\/\/thomasbeimel.de\/wp-content\/uploads\/2020\/05\/bagatellen.pdf\" target=\"_blank\" rel=\"noopener noreferrer\"><img loading=\"lazy\" decoding=\"async\" src=\"http:\/\/thomasbeimel.de\/wp-content\/uploads\/2020\/05\/Partitur-Icon-120px.png\" alt=\"\" class=\"wp-image-20\" width=\"60\" height=\"60\"\/><\/a><\/figure><\/div>\n\n\n\n<p class=\"has-small-font-size\">2013\/14 <strong>bagatellen<\/strong><br>ensemble (flute, clarinet, bassoon, trumpet,<br>trombone,two percussionists, string quartet)<\/p>\n\n\n\n<figure class=\"wp-block-audio\"><audio controls src=\"http:\/\/thomasbeimel.de\/wp-content\/uploads\/2020\/05\/Bagatelle-Clip.mp3\"><\/audio><figcaption>  <\/figcaption><\/figure>\n\n\n\n<p><\/p>\n\n\n\n<div class=\"wp-block-image\"><figure class=\"alignright size-large is-resized\"><a href=\"http:\/\/thomasbeimel.de\/wp-content\/uploads\/2020\/05\/h\u00fchnergeschichten.pdf\" target=\"_blank\" rel=\"noopener noreferrer\"><img loading=\"lazy\" decoding=\"async\" src=\"http:\/\/thomasbeimel.de\/wp-content\/uploads\/2020\/05\/Partitur-Icon-120px.png\" alt=\"\" class=\"wp-image-20\" width=\"60\" height=\"60\"\/><\/a><\/figure><\/div>\n\n\n\n<p class=\"has-small-font-size\">2013 <strong>zwei kleine h\u00fchnergeschichten<\/strong><br>children chor<\/p>\n\n\n\n<p>   <\/p>\n\n\n\n<p class=\"has-small-font-size\"><br><\/p>\n\n\n\n<div class=\"wp-block-image\"><figure class=\"alignright size-large is-resized\"><a href=\"http:\/\/thomasbeimel.de\/wp-content\/uploads\/2020\/05\/luna ay luna.pdf\" target=\"_blank\" rel=\"noopener noreferrer\"><img loading=\"lazy\" decoding=\"async\" src=\"http:\/\/thomasbeimel.de\/wp-content\/uploads\/2020\/05\/Partitur-Icon-120px.png\" alt=\"\" class=\"wp-image-20\" width=\"60\" height=\"60\"\/><\/a><\/figure><\/div>\n\n\n\n<p class=\"has-small-font-size\">2012\/13 <strong>luna ay luna<\/strong><br>mezzo soprano, clarinet (or viola) and harpsichord<\/p>\n\n\n\n<figure class=\"wp-block-audio\"><audio controls src=\"http:\/\/thomasbeimel.de\/wp-content\/uploads\/2020\/05\/luna-ay-luna-clip.mp3\"><\/audio><figcaption>  <\/figcaption><\/figure>\n\n\n\n<p><\/p>\n\n\n\n<div class=\"wp-block-image\"><figure class=\"alignright size-large is-resized\"><a href=\"http:\/\/thomasbeimel.de\/wp-content\/uploads\/2020\/05\/erwacht.pdf\" target=\"_blank\" rel=\"noopener noreferrer\"><img loading=\"lazy\" decoding=\"async\" src=\"http:\/\/thomasbeimel.de\/wp-content\/uploads\/2020\/05\/Partitur-Icon-120px.png\" alt=\"\" class=\"wp-image-20\" width=\"60\" height=\"60\"\/><\/a><\/figure><\/div>\n\n\n\n<p class=\"has-small-font-size\">2012 <strong>erwacht<\/strong><br>choir and percussion<\/p>\n\n\n\n<p>   <\/p>\n\n\n\n<p class=\"has-small-font-size\"><br><\/p>\n\n\n\n<div class=\"wp-block-image\"><figure class=\"alignright size-large is-resized\"><a href=\"http:\/\/thomasbeimel.de\/wp-content\/uploads\/2020\/05\/umfragen.pdf\" target=\"_blank\" rel=\"noopener noreferrer\"><img loading=\"lazy\" decoding=\"async\" src=\"http:\/\/thomasbeimel.de\/wp-content\/uploads\/2020\/05\/Partitur-Icon-120px.png\" alt=\"\" class=\"wp-image-20\" width=\"60\" height=\"60\"\/><\/a><\/figure><\/div>\n\n\n\n<p class=\"has-small-font-size\">2012 <strong>umfragen<\/strong><br>female choir<\/p>\n\n\n\n<p>   <\/p>\n\n\n\n<div class=\"wp-block-image is-style-default\"><figure class=\"alignright size-large is-resized\"><a href=\"http:\/\/thomasbeimel.de\/wp-content\/uploads\/2020\/12\/canim-ay.pdf\" target=\"_blank\" rel=\"noopener\"><img loading=\"lazy\" decoding=\"async\" src=\"http:\/\/thomasbeimel.de\/wp-content\/uploads\/2020\/05\/Partitur-Icon-120px.png\" alt=\"\" class=\"wp-image-20\" width=\"60\" height=\"60\"\/><\/a><\/figure><\/div>\n\n\n\n<p class=\"has-small-font-size\">2012 <strong>can\u0131m ay<\/strong><br>Alt, Barition Klavier<\/p>\n\n\n\n<p>   <\/p>\n\n\n\n<p class=\"has-small-font-size\"><br><\/p>\n\n\n\n<div class=\"wp-block-image\"><figure class=\"alignright size-large is-resized\"><a href=\"http:\/\/thomasbeimel.de\/wp-content\/uploads\/2020\/11\/summsumm_epitaph.pdf\" target=\"_blank\" rel=\"noopener noreferrer\"><img loading=\"lazy\" decoding=\"async\" src=\"http:\/\/thomasbeimel.de\/wp-content\/uploads\/2020\/05\/Partitur-Icon-120px.png\" alt=\"\" class=\"wp-image-20\" width=\"60\" height=\"60\"\/><\/a><\/figure><\/div>\n\n\n\n<p class=\"has-small-font-size\">2011\/12 <strong>summsumm<\/strong> <strong>\/ epitaph<\/strong><br>mixed choir (ad lib. with tubular bells)<\/p>\n\n\n\n<p>   <\/p>\n\n\n\n<p class=\"has-small-font-size\"><br><\/p>\n\n\n\n<div class=\"wp-block-image\"><figure class=\"alignright size-large is-resized\"><a href=\"http:\/\/thomasbeimel.de\/wp-content\/uploads\/2020\/12\/vom-guten-ton-partitur.pdf\" target=\"_blank\" rel=\"noopener noreferrer\"><img loading=\"lazy\" decoding=\"async\" src=\"http:\/\/thomasbeimel.de\/wp-content\/uploads\/2020\/05\/Partitur-Icon-120px.png\" alt=\"\" class=\"wp-image-20\" width=\"60\" height=\"60\"\/><\/a><\/figure><\/div>\n\n\n\n<p class=\"has-small-font-size\">2011 <strong>vom guten ton . die welt ist voll geplapper<\/strong><br>music theatre for four voices, four wind<br>instruments and orchestra of mandolins and guitars<br>text: Cornelie M\u00fcller<\/p>\n\n\n\n<figure class=\"wp-block-audio\"><audio controls src=\"http:\/\/thomasbeimel.de\/wp-content\/uploads\/2020\/05\/vom-guten-ton.mp3\"><\/audio><figcaption>  <\/figcaption><\/figure>\n\n\n\n<p><\/p>\n\n\n\n<div class=\"wp-block-image\"><figure class=\"alignright size-large is-resized\"><a href=\"http:\/\/thomasbeimel.de\/wp-content\/uploads\/2020\/05\/obstsalat.pdf\" target=\"_blank\" rel=\"noopener noreferrer\"><img loading=\"lazy\" decoding=\"async\" src=\"http:\/\/thomasbeimel.de\/wp-content\/uploads\/2020\/05\/Partitur-Icon-120px.png\" alt=\"\" class=\"wp-image-20\" width=\"60\" height=\"60\"\/><\/a><\/figure><\/div>\n\n\n\n<p class=\"has-small-font-size\">2011 <strong>obstsalat<\/strong><br>children choir or female voices<\/p>\n\n\n\n<figure class=\"wp-block-audio\"><audio controls src=\"http:\/\/thomasbeimel.de\/wp-content\/uploads\/2020\/05\/Salata-de-fructe.mp3\"><\/audio><figcaption>  <\/figcaption><\/figure>\n\n\n\n<p><\/p>\n\n\n\n<div class=\"wp-block-image\"><figure class=\"alignright size-large is-resized\"><a href=\"http:\/\/thomasbeimel.de\/wp-content\/uploads\/2020\/05\/du, meine taube.pdf\" target=\"_blank\" rel=\"noopener noreferrer\"><img loading=\"lazy\" decoding=\"async\" src=\"http:\/\/thomasbeimel.de\/wp-content\/uploads\/2020\/05\/Partitur-Icon-120px.png\" alt=\"\" class=\"wp-image-20\" width=\"60\" height=\"60\"\/><\/a><\/figure><\/div>\n\n\n\n<p class=\"has-small-font-size\">2010 <strong>du, meine taube<\/strong><br>four male voices (TTBB), two violins, viola da gamba,<br>theorbo and percussion<\/p>\n\n\n\n<figure class=\"wp-block-audio\"><audio controls src=\"http:\/\/thomasbeimel.de\/wp-content\/uploads\/2020\/05\/du-meine-taube-clip.mp3\"><\/audio><figcaption>  <\/figcaption><\/figure>\n\n\n\n<p><\/p>\n\n\n\n<div class=\"wp-block-image\"><figure class=\"alignright size-large is-resized\"><a href=\"http:\/\/thomasbeimel.de\/wp-content\/uploads\/2022\/01\/das-kind-mit-der-kruecke.pdf\" target=\"_blank\" rel=\"noopener noreferrer\"><img loading=\"lazy\" decoding=\"async\" src=\"http:\/\/thomasbeimel.de\/wp-content\/uploads\/2020\/05\/Partitur-Icon-120px.png\" alt=\"\" class=\"wp-image-20\" width=\"60\" height=\"60\"\/><\/a><\/figure><\/div>\n\n\n\n<p class=\"has-small-font-size\">2010 <strong>das kind mit der kr\u00fccke<\/strong><br>choir and horn<\/p>\n\n\n\n<figure class=\"wp-block-audio\"><audio controls src=\"http:\/\/thomasbeimel.de\/wp-content\/uploads\/2020\/05\/das-kind-mit-der-kr\u00fccke-clip.mp3\"><\/audio><figcaption>  <\/figcaption><\/figure>\n\n\n\n<p><\/p>\n\n\n\n<div class=\"wp-block-image\"><figure class=\"alignright size-large is-resized\"><a href=\"http:\/\/thomasbeimel.de\/wp-content\/uploads\/2020\/05\/little language song.pdf\" target=\"_blank\" rel=\"noopener noreferrer\"><img loading=\"lazy\" decoding=\"async\" src=\"http:\/\/thomasbeimel.de\/wp-content\/uploads\/2020\/05\/Partitur-Icon-120px.png\" alt=\"\" class=\"wp-image-20\" width=\"60\" height=\"60\"\/><\/a><\/figure><\/div>\n\n\n\n<p class=\"has-small-font-size\">2010\/13 <strong>little language song<\/strong><br>25 gongs (three performers)<br>version for musical box<\/p>\n\n\n\n<figure class=\"wp-block-audio\"><audio controls src=\"http:\/\/thomasbeimel.de\/wp-content\/uploads\/2020\/05\/little-language-song-clip.mp3\"><\/audio><figcaption>  <\/figcaption><\/figure>\n\n\n\n<div class=\"wp-block-image\"><figure class=\"alignright size-large is-resized\"><a href=\"http:\/\/thomasbeimel.de\/wp-content\/uploads\/2020\/11\/a-OA.pdf\" target=\"_blank\" rel=\"noopener noreferrer\"><img loading=\"lazy\" decoding=\"async\" src=\"http:\/\/thomasbeimel.de\/wp-content\/uploads\/2020\/05\/Partitur-Icon-120px.png\" alt=\"\" class=\"wp-image-20\" width=\"60\" height=\"60\"\/><\/a><\/figure><\/div>\n\n\n\n<p class=\"has-small-font-size\">2010 <strong>a-OA<\/strong><br>soprano, alto, tenor<\/p>\n\n\n\n<p>   <\/p>\n\n\n\n<div class=\"wp-block-image\"><figure class=\"alignright size-large is-resized\"><a href=\"http:\/\/thomasbeimel.de\/wp-content\/uploads\/2020\/05\/pilgerlieder.pdf\" target=\"_blank\" rel=\"noopener noreferrer\"><img loading=\"lazy\" decoding=\"async\" src=\"http:\/\/thomasbeimel.de\/wp-content\/uploads\/2020\/05\/Partitur-Icon-120px.png\" alt=\"\" class=\"wp-image-20\" width=\"60\" height=\"60\"\/><\/a><\/figure><\/div>\n\n\n\n<p class=\"has-small-font-size\">2010 <strong>pilgerlieder<\/strong><br>four miniatures for choir<\/p>\n\n\n\n<p>   <\/p>\n\n\n\n<div class=\"wp-block-image\"><figure class=\"alignright size-large is-resized\"><a href=\"http:\/\/thomasbeimel.de\/wp-content\/uploads\/2020\/05\/no.pdf\" target=\"_blank\" rel=\"noopener noreferrer\"><img loading=\"lazy\" decoding=\"async\" src=\"http:\/\/thomasbeimel.de\/wp-content\/uploads\/2020\/05\/Partitur-Icon-120px.png\" alt=\"\" class=\"wp-image-20\" width=\"60\" height=\"60\"\/><\/a><\/figure><\/div>\n\n\n\n<p class=\"has-small-font-size\">2010 <strong>no<\/strong><br>trumpet and two&nbsp;marimbas<\/p>\n\n\n\n<figure class=\"wp-block-audio\"><audio controls src=\"http:\/\/thomasbeimel.de\/wp-content\/uploads\/2020\/05\/no-clip.mp3\"><\/audio><figcaption>  <\/figcaption><\/figure>\n\n\n\n<p><\/p>\n\n\n\n<div class=\"wp-block-image\"><figure class=\"alignright size-large is-resized\"><a href=\"http:\/\/thomasbeimel.de\/wp-content\/uploads\/2020\/05\/gaukelei.pdf\" target=\"_blank\" rel=\"noopener noreferrer\"><img loading=\"lazy\" decoding=\"async\" src=\"http:\/\/thomasbeimel.de\/wp-content\/uploads\/2020\/05\/Partitur-Icon-120px.png\" alt=\"\" class=\"wp-image-20\" width=\"60\" height=\"60\"\/><\/a><\/figure><\/div>\n\n\n\n<p class=\"has-small-font-size\">2009 <strong>gaukelei<\/strong><br>accordion<br>version for two vibraphones<\/p>\n\n\n\n<figure class=\"wp-block-audio\"><audio controls src=\"http:\/\/thomasbeimel.de\/wp-content\/uploads\/2020\/05\/gaukelei-clip.mp3\"><\/audio><figcaption>  <\/figcaption><\/figure>\n\n\n\n<div class=\"wp-block-image\"><figure class=\"alignright size-large is-resized\"><a href=\"http:\/\/thomasbeimel.de\/wp-content\/uploads\/2020\/11\/klangreden-in-weiss-gruen.pdf\" target=\"_blank\" rel=\"noopener noreferrer\"><img loading=\"lazy\" decoding=\"async\" src=\"http:\/\/thomasbeimel.de\/wp-content\/uploads\/2020\/05\/Partitur-Icon-120px.png\" alt=\"\" class=\"wp-image-20\" width=\"60\" height=\"60\"\/><\/a><\/figure><\/div>\n\n\n\n<p class=\"has-small-font-size\">2009 <strong>klangreden in wei\u00df-gr\u00fcn<\/strong><br>music for the homonymous play of Cornelie M\u00fcller<br>oboe, clarinet, horn and trombone<\/p>\n\n\n\n<p>   <\/p>\n\n\n\n<div class=\"wp-block-image\"><figure class=\"alignright size-large is-resized\"><a href=\"http:\/\/thomasbeimel.de\/wp-content\/uploads\/2020\/05\/canti minori.pdf\" target=\"_blank\" rel=\"noopener noreferrer\"><img loading=\"lazy\" decoding=\"async\" src=\"http:\/\/thomasbeimel.de\/wp-content\/uploads\/2020\/05\/Partitur-Icon-120px.png\" alt=\"\" class=\"wp-image-20\" width=\"60\" height=\"60\"\/><\/a><\/figure><\/div>\n\n\n\n<p class=\"has-small-font-size\">2009 <strong>canti minori<\/strong><br>choir<\/p>\n\n\n\n<figure class=\"wp-block-audio\"><audio controls src=\"http:\/\/thomasbeimel.de\/wp-content\/uploads\/2020\/05\/II-recordamur-piscium-clip.mp3\"><\/audio><figcaption>  <\/figcaption><\/figure>\n\n\n\n<p><\/p>\n\n\n\n<div class=\"wp-block-image\"><figure class=\"alignright size-large is-resized\"><a href=\"http:\/\/thomasbeimel.de\/wp-content\/uploads\/2020\/05\/sonata (mobile).pdf\" target=\"_blank\" rel=\"noopener noreferrer\"><img loading=\"lazy\" decoding=\"async\" src=\"http:\/\/thomasbeimel.de\/wp-content\/uploads\/2020\/05\/Partitur-Icon-120px.png\" alt=\"\" class=\"wp-image-20\" width=\"60\" height=\"60\"\/><\/a><\/figure><\/div>\n\n\n\n<p class=\"has-small-font-size\">2008 <strong>sonata (mobile)<\/strong><br>harpsichord<\/p>\n\n\n\n<figure class=\"wp-block-audio\"><audio controls src=\"http:\/\/thomasbeimel.de\/wp-content\/uploads\/2020\/05\/sonata__mobile__clip.mp3\"><\/audio><figcaption>  <\/figcaption><\/figure>\n\n\n\n<div class=\"wp-block-image\"><figure class=\"alignright size-large is-resized\"><a href=\"http:\/\/thomasbeimel.de\/wp-content\/uploads\/2020\/11\/into-space....pdf\" target=\"_blank\" rel=\"noopener noreferrer\"><img loading=\"lazy\" decoding=\"async\" src=\"http:\/\/thomasbeimel.de\/wp-content\/uploads\/2020\/05\/Partitur-Icon-120px.png\" alt=\"\" class=\"wp-image-20\" width=\"60\" height=\"60\"\/><\/a><\/figure><\/div>\n\n\n\n<p class=\"has-small-font-size\">2008 <strong>&#8230;into space&#8230;<\/strong><br>double-bass with sympathetic strings<\/p>\n\n\n\n<figure class=\"wp-block-audio\"><audio controls src=\"http:\/\/thomasbeimel.de\/wp-content\/uploads\/2020\/05\/into-space.mp3\"><\/audio><figcaption>  <\/figcaption><\/figure>\n\n\n\n<div class=\"wp-block-image\"><figure class=\"alignright size-large is-resized\"><a href=\"http:\/\/thomasbeimel.de\/wp-content\/uploads\/2020\/11\/dane-dane.pdf\" target=\"_blank\" rel=\"noopener noreferrer\"><img loading=\"lazy\" decoding=\"async\" src=\"http:\/\/thomasbeimel.de\/wp-content\/uploads\/2020\/05\/Partitur-Icon-120px.png\" alt=\"\" class=\"wp-image-20\" width=\"60\" height=\"60\"\/><\/a><\/figure><\/div>\n\n\n\n<p class=\"has-small-font-size\">2008 <strong>dane-dane<\/strong><br>mezzo soprano and viola (with voice)<\/p>\n\n\n\n<p>   <\/p>\n\n\n\n<div class=\"wp-block-image\"><figure class=\"alignright size-large is-resized\"><a href=\"http:\/\/thomasbeimel.de\/wp-content\/uploads\/2020\/05\/estampie.pdf\" target=\"_blank\" rel=\"noopener noreferrer\"><img loading=\"lazy\" decoding=\"async\" src=\"http:\/\/thomasbeimel.de\/wp-content\/uploads\/2020\/05\/Partitur-Icon-120px.png\" alt=\"\" class=\"wp-image-20\" width=\"60\" height=\"60\"\/><\/a><\/figure><\/div>\n\n\n\n<p class=\"has-small-font-size\">2008 <strong>estampie<\/strong><br>guzheng and marimba<\/p>\n\n\n\n<figure class=\"wp-block-audio\"><audio controls src=\"http:\/\/thomasbeimel.de\/wp-content\/uploads\/2020\/05\/estampie-clip.mp3\"><\/audio><figcaption>  <\/figcaption><\/figure>\n\n\n\n<div class=\"wp-block-image\"><figure class=\"alignright size-large is-resized\"><a href=\"http:\/\/thomasbeimel.de\/wp-content\/uploads\/2020\/12\/Hic-ad-exemplum-sanctorum.pdf\" target=\"_blank\" rel=\"noopener noreferrer\"><img loading=\"lazy\" decoding=\"async\" src=\"http:\/\/thomasbeimel.de\/wp-content\/uploads\/2020\/05\/Partitur-Icon-120px.png\" alt=\"\" class=\"wp-image-20\" width=\"60\" height=\"60\"\/><\/a><\/figure><\/div>\n\n\n\n<p class=\"has-small-font-size\">2008 <strong>hic ad exemplum sanctorum<\/strong><br>choir<\/p>\n\n\n\n<p>   <\/p>\n\n\n\n<div class=\"wp-block-image\"><figure class=\"alignright size-large is-resized\"><a href=\"http:\/\/thomasbeimel.de\/wp-content\/uploads\/2020\/12\/passacaglia-in-terra-lontana.pdf\" target=\"_blank\" rel=\"noopener noreferrer\"><img loading=\"lazy\" decoding=\"async\" src=\"http:\/\/thomasbeimel.de\/wp-content\/uploads\/2020\/05\/Partitur-Icon-120px.png\" alt=\"\" class=\"wp-image-20\" width=\"60\" height=\"60\"\/><\/a><\/figure><\/div>\n\n\n\n<p class=\"has-small-font-size\">2008 <strong>passacaglia (in terra lontana)<\/strong><br>vibraphone and piano<\/p>\n\n\n\n<p>   <\/p>\n\n\n\n<div class=\"wp-block-image\"><figure class=\"alignright size-large is-resized\"><a href=\"http:\/\/thomasbeimel.de\/wp-content\/uploads\/2020\/05\/concertino.pdf\" target=\"_blank\" rel=\"noopener noreferrer\"><img loading=\"lazy\" decoding=\"async\" src=\"http:\/\/thomasbeimel.de\/wp-content\/uploads\/2020\/05\/Partitur-Icon-120px.png\" alt=\"\" class=\"wp-image-20\" width=\"60\" height=\"60\"\/><\/a><\/figure><\/div>\n\n\n\n<p class=\"has-small-font-size\">2007 <strong>concertino<\/strong><br>viola and string orchestra<\/p>\n\n\n\n<figure class=\"wp-block-audio\"><audio controls src=\"http:\/\/thomasbeimel.de\/wp-content\/uploads\/2020\/05\/concertino_clip.mp3\"><\/audio><figcaption>  <\/figcaption><\/figure>\n\n\n\n<div class=\"wp-block-image\"><figure class=\"alignright size-large is-resized\"><a href=\"http:\/\/thomasbeimel.de\/wp-content\/uploads\/2020\/12\/electric-flower.pdf\" target=\"_blank\" rel=\"noopener noreferrer\"><img loading=\"lazy\" decoding=\"async\" src=\"http:\/\/thomasbeimel.de\/wp-content\/uploads\/2020\/05\/Partitur-Icon-120px.png\" alt=\"\" class=\"wp-image-20\" width=\"60\" height=\"60\"\/><\/a><\/figure><\/div>\n\n\n\n<p class=\"has-small-font-size\">2007 <strong>electric flower<\/strong><br>electric guitar and orchestra of mandolins and guitars<\/p>\n\n\n\n<figure class=\"wp-block-audio\"><audio controls src=\"http:\/\/thomasbeimel.de\/wp-content\/uploads\/2020\/05\/electric_flower.mp3\"><\/audio><figcaption>  <\/figcaption><\/figure>\n\n\n\n<p><\/p>\n\n\n\n<div class=\"wp-block-image\"><figure class=\"alignright size-large is-resized\"><a href=\"http:\/\/thomasbeimel.de\/wp-content\/uploads\/2020\/05\/sonata (communio).pdf\" target=\"_blank\" rel=\"noopener noreferrer\"><img loading=\"lazy\" decoding=\"async\" src=\"http:\/\/thomasbeimel.de\/wp-content\/uploads\/2020\/05\/Partitur-Icon-120px.png\" alt=\"\" class=\"wp-image-20\" width=\"60\" height=\"60\"\/><\/a><\/figure><\/div>\n\n\n\n<p class=\"has-small-font-size\">2007 <strong>sonata<\/strong> <strong>(communio)<\/strong><br>accordion and portable organ<\/p>\n\n\n\n<p>   <\/p>\n\n\n\n<div class=\"wp-block-image\"><figure class=\"alignright size-large is-resized\"><a href=\"http:\/\/thomasbeimel.de\/wp-content\/uploads\/2020\/05\/ding dong.pdf\" target=\"_blank\" rel=\"noopener noreferrer\"><img loading=\"lazy\" decoding=\"async\" src=\"http:\/\/thomasbeimel.de\/wp-content\/uploads\/2020\/05\/Partitur-Icon-120px.png\" alt=\"\" class=\"wp-image-20\" width=\"60\" height=\"60\"\/><\/a><\/figure><\/div>\n\n\n\n<p class=\"has-small-font-size\">2007 <strong>ding \/ dong<\/strong><br>choir<\/p>\n\n\n\n<figure class=\"wp-block-audio\"><audio controls src=\"http:\/\/thomasbeimel.de\/wp-content\/uploads\/2020\/05\/ding_dong.mp3\"><\/audio><figcaption>  <\/figcaption><\/figure>\n\n\n\n<p><\/p>\n\n\n\n<div class=\"wp-block-image\"><figure class=\"alignright size-large is-resized\"><a href=\"http:\/\/thomasbeimel.de\/wp-content\/uploads\/2020\/05\/das tor des kusses.pdf\" target=\"_blank\" rel=\"noopener noreferrer\"><img loading=\"lazy\" decoding=\"async\" src=\"http:\/\/thomasbeimel.de\/wp-content\/uploads\/2020\/05\/Partitur-Icon-120px.png\" alt=\"\" class=\"wp-image-20\" width=\"60\" height=\"60\"\/><\/a><\/figure><\/div>\n\n\n\n<p class=\"has-small-font-size\">2006 <strong>das tor des kusses<\/strong><br>flute<\/p>\n\n\n\n<p>   <\/p>\n\n\n\n<div class=\"wp-block-image\"><figure class=\"alignright size-large is-resized\"><a href=\"http:\/\/thomasbeimel.de\/wp-content\/uploads\/2020\/05\/ugarit score.pdf\" target=\"_blank\" rel=\"noopener noreferrer\"><img loading=\"lazy\" decoding=\"async\" src=\"http:\/\/thomasbeimel.de\/wp-content\/uploads\/2020\/05\/Partitur-Icon-120px.png\" alt=\"\" class=\"wp-image-20\" width=\"60\" height=\"60\"\/><\/a><\/figure><\/div>\n\n\n\n<p class=\"has-small-font-size\">2006 <strong>ugarit<\/strong><br>string quartet (2007 version for hornquartet)<\/p>\n\n\n\n<figure class=\"wp-block-audio\"><audio controls src=\"http:\/\/thomasbeimel.de\/wp-content\/uploads\/2020\/05\/ugarit_clip.mp3\"><\/audio><figcaption>  <\/figcaption><\/figure>\n\n\n\n<div class=\"wp-block-image\"><figure class=\"alignright size-large is-resized\"><a href=\"http:\/\/thomasbeimel.de\/wp-content\/uploads\/2020\/12\/hanacpachap.pdf\" target=\"_blank\" rel=\"noopener noreferrer\"><img loading=\"lazy\" decoding=\"async\" src=\"http:\/\/thomasbeimel.de\/wp-content\/uploads\/2020\/05\/Partitur-Icon-120px.png\" alt=\"\" class=\"wp-image-20\" width=\"60\" height=\"60\"\/><\/a><\/figure><\/div>\n\n\n\n<p class=\"has-small-font-size\">2006 <strong>hanacpachap<\/strong><br>mezzo soprano, accordion and portable organ<\/p>\n\n\n\n<p>   <\/p>\n\n\n\n<div class=\"wp-block-image\"><figure class=\"alignright size-large is-resized\"><a href=\"http:\/\/thomasbeimel.de\/wp-content\/uploads\/2020\/05\/nacht.pdf\" target=\"_blank\" rel=\"noopener noreferrer\"><img loading=\"lazy\" decoding=\"async\" src=\"http:\/\/thomasbeimel.de\/wp-content\/uploads\/2020\/05\/Partitur-Icon-120px.png\" alt=\"\" class=\"wp-image-20\" width=\"60\" height=\"60\"\/><\/a><\/figure><\/div>\n\n\n\n<p class=\"has-small-font-size\">2006 <strong>nacht&#8230;<\/strong><br>tenor and mixed choir<\/p>\n\n\n\n<figure class=\"wp-block-audio\"><audio controls src=\"http:\/\/thomasbeimel.de\/wp-content\/uploads\/2020\/05\/nacht.mp3\"><\/audio><figcaption>  <\/figcaption><\/figure>\n\n\n\n<div class=\"wp-block-image\"><figure class=\"alignright size-large is-resized\"><a href=\"http:\/\/thomasbeimel.de\/wp-content\/uploads\/2020\/05\/pastorale.pdf\" target=\"_blank\" rel=\"noopener noreferrer\"><img loading=\"lazy\" decoding=\"async\" src=\"http:\/\/thomasbeimel.de\/wp-content\/uploads\/2020\/05\/Partitur-Icon-120px.png\" alt=\"\" class=\"wp-image-20\" width=\"60\" height=\"60\"\/><\/a><\/figure><\/div>\n\n\n\n<p class=\"has-small-font-size\">2006 <strong>pastorale<\/strong><br>oboe<\/p>\n\n\n\n<p>   <\/p>\n\n\n\n<div class=\"wp-block-image\"><figure class=\"alignright size-large is-resized\"><a href=\"http:\/\/thomasbeimel.de\/wp-content\/uploads\/2020\/12\/et-in-arcadia-ego....pdf\" target=\"_blank\" rel=\"noopener noreferrer\"><img loading=\"lazy\" decoding=\"async\" src=\"http:\/\/thomasbeimel.de\/wp-content\/uploads\/2020\/05\/Partitur-Icon-120px.png\" alt=\"\" class=\"wp-image-20\" width=\"60\" height=\"60\"\/><\/a><\/figure><\/div>\n\n\n\n<p class=\"has-small-font-size\">2006 <strong>et in arcadia ego&#8230;<\/strong><br>oboe and marimba<\/p>\n\n\n\n<p>   <\/p>\n\n\n\n<div class=\"wp-block-image\"><figure class=\"alignright size-large is-resized\"><a href=\"http:\/\/thomasbeimel.de\/wp-content\/uploads\/2020\/12\/hasret.pdf\" target=\"_blank\" rel=\"noopener noreferrer\"><img loading=\"lazy\" decoding=\"async\" src=\"http:\/\/thomasbeimel.de\/wp-content\/uploads\/2020\/05\/Partitur-Icon-120px.png\" alt=\"\" class=\"wp-image-20\" width=\"60\" height=\"60\"\/><\/a><\/figure><\/div>\n\n\n\n<p class=\"has-small-font-size\">2006 <strong>hasret<\/strong><br>mezzo soprano, viola, percussion<\/p>\n\n\n\n<p>   <\/p>\n\n\n\n<div class=\"wp-block-group\"><div class=\"wp-block-group__inner-container is-layout-flow wp-block-group-is-layout-flow\">\n<div class=\"wp-block-image\"><figure class=\"alignright size-large is-resized\"><a href=\"http:\/\/thomasbeimel.de\/wp-content\/uploads\/2020\/05\/zeitlicher-rat.pdf\" target=\"_blank\" rel=\"noopener noreferrer\"><img loading=\"lazy\" decoding=\"async\" src=\"http:\/\/thomasbeimel.de\/wp-content\/uploads\/2020\/05\/Partitur-Icon-120px.png\" alt=\"\" class=\"wp-image-20\" width=\"60\" height=\"60\"\/><\/a><\/figure><\/div>\n\n\n\n<p class=\"has-text-align-left has-small-font-size\">2005 <strong>zeitlicher rat<\/strong><br>chamber ensemble (oboe, clarinet, bassoon, horn, trompet, trombone percussion, two violins, viola, violoncello, double-bass)<\/p>\n<\/div><\/div>\n\n\n\n<figure class=\"wp-block-audio\"><audio controls src=\"http:\/\/thomasbeimel.de\/wp-content\/uploads\/2020\/05\/zeitlicher_rat.mp3\"><\/audio><figcaption>  <\/figcaption><\/figure>\n\n\n\n<div class=\"wp-block-image\"><figure class=\"alignright size-large is-resized\"><a href=\"http:\/\/thomasbeimel.de\/wp-content\/uploads\/2020\/12\/soave-sia-il-vento.pdf\" target=\"_blank\" rel=\"noopener noreferrer\"><img loading=\"lazy\" decoding=\"async\" src=\"http:\/\/thomasbeimel.de\/wp-content\/uploads\/2020\/05\/Partitur-Icon-120px.png\" alt=\"\" class=\"wp-image-20\" width=\"60\" height=\"60\"\/><\/a><\/figure><\/div>\n\n\n\n<p class=\"has-small-font-size\">2005 <strong>soave sia il vento<\/strong><br>paraphrasis of the homonymous Terzettino<br>from Wolfgang Amad\u00e9 Mozart\u2019s opera \u201cCos\u00ec fan tutte\u201d<br>orchestra (2.2.2.2.2.2.0.0. &#8211; 1 &#8211; 7.6.4.3.1)<\/p>\n\n\n\n<figure class=\"wp-block-audio\"><audio controls src=\"http:\/\/thomasbeimel.de\/wp-content\/uploads\/2020\/05\/soave_sia_il_vento_clip.mp3\"><\/audio><figcaption>  <\/figcaption><\/figure>\n\n\n\n<p><\/p>\n\n\n\n<div class=\"wp-block-image\"><figure class=\"alignright size-large is-resized\"><a href=\"http:\/\/thomasbeimel.de\/wp-content\/uploads\/2020\/12\/schrammeln.pdf\" target=\"_blank\" rel=\"noopener noreferrer\"><img loading=\"lazy\" decoding=\"async\" src=\"http:\/\/thomasbeimel.de\/wp-content\/uploads\/2020\/05\/Partitur-Icon-120px.png\" alt=\"\" class=\"wp-image-20\" width=\"60\" height=\"60\"\/><\/a><\/figure><\/div>\n\n\n\n<p class=\"has-small-font-size\">2005 <strong>schrammeln<\/strong><br>mezzosopran<\/p>\n\n\n\n<p>   <\/p>\n\n\n\n<div class=\"wp-block-image is-style-default\"><figure class=\"alignright size-large is-resized\"><a href=\"http:\/\/thomasbeimel.de\/wp-content\/uploads\/2020\/05\/echos.pdf\" target=\"_blank\" rel=\"noopener noreferrer\"><img loading=\"lazy\" decoding=\"async\" src=\"http:\/\/thomasbeimel.de\/wp-content\/uploads\/2020\/05\/Partitur-Icon-120px.png\" alt=\"\" class=\"wp-image-20\" width=\"60\" height=\"60\"\/><\/a><\/figure><\/div>\n\n\n\n<p class=\"has-small-font-size\">2005 <strong>echos<\/strong><br>two percussionists<\/p>\n\n\n\n<figure class=\"wp-block-audio\"><audio controls src=\"http:\/\/thomasbeimel.de\/wp-content\/uploads\/2020\/05\/echos.mp3\"><\/audio><figcaption>  <\/figcaption><\/figure>\n\n\n\n<div class=\"wp-block-image\"><figure class=\"alignright size-large is-resized\"><a href=\"http:\/\/thomasbeimel.de\/wp-content\/uploads\/2020\/12\/cucurucucu.pdf\" target=\"_blank\" rel=\"noopener noreferrer\"><img loading=\"lazy\" decoding=\"async\" src=\"http:\/\/thomasbeimel.de\/wp-content\/uploads\/2020\/05\/Partitur-Icon-120px.png\" alt=\"\" class=\"wp-image-20\" width=\"60\" height=\"60\"\/><\/a><\/figure><\/div>\n\n\n\n<p class=\"has-small-font-size\">2005 <strong>cucurucuc\u00fa<\/strong><br>horn, harp and two percussions<\/p>\n\n\n\n<figure class=\"wp-block-audio\"><audio controls src=\"http:\/\/thomasbeimel.de\/wp-content\/uploads\/2020\/05\/cucurucucu_clip_MP3.mp3\"><\/audio><figcaption>  <\/figcaption><\/figure>\n\n\n\n<div class=\"wp-block-group\"><div class=\"wp-block-group__inner-container is-layout-flow wp-block-group-is-layout-flow\">\n<p><\/p>\n<\/div><\/div>\n\n\n\n<div class=\"wp-block-image\"><figure class=\"alignright size-large is-resized\"><a href=\"http:\/\/thomasbeimel.de\/wp-content\/uploads\/2020\/05\/cantus.pdf\" target=\"_blank\" rel=\"noopener noreferrer\"><img loading=\"lazy\" decoding=\"async\" src=\"http:\/\/thomasbeimel.de\/wp-content\/uploads\/2020\/05\/Partitur-Icon-120px.png\" alt=\"\" class=\"wp-image-20\" width=\"60\" height=\"60\"\/><\/a><\/figure><\/div>\n\n\n\n<p class=\"has-small-font-size\">2004 <strong>cantus<\/strong><br>mixed choir<\/p>\n\n\n\n<p>   <\/p>\n\n\n\n<div class=\"wp-block-image\"><figure class=\"alignright size-large is-resized\"><a href=\"http:\/\/thomasbeimel.de\/wp-content\/uploads\/2020\/12\/no-hay-consuelo.pdf\" target=\"_blank\" rel=\"noopener noreferrer\"><img loading=\"lazy\" decoding=\"async\" src=\"http:\/\/thomasbeimel.de\/wp-content\/uploads\/2020\/05\/Partitur-Icon-120px.png\" alt=\"\" class=\"wp-image-20\" width=\"60\" height=\"60\"\/><\/a><\/figure><\/div>\n\n\n\n<p class=\"has-small-font-size\">2004 <strong>(no hay) consuelo<\/strong><br>mezzo soprano (or trumpet) and string trio<br>version for english horn and string trio<\/p>\n\n\n\n<p>   <\/p>\n\n\n\n<div class=\"wp-block-image\"><figure class=\"alignright size-large is-resized\"><a href=\"http:\/\/thomasbeimel.de\/wp-content\/uploads\/2020\/05\/sicut cervus.pdf\" target=\"_blank\" rel=\"noopener noreferrer\"><img loading=\"lazy\" decoding=\"async\" src=\"http:\/\/thomasbeimel.de\/wp-content\/uploads\/2020\/05\/Partitur-Icon-120px.png\" alt=\"\" class=\"wp-image-20\" width=\"60\" height=\"60\"\/><\/a><\/figure><\/div>\n\n\n\n<p class=\"has-small-font-size\">2004 <strong>sicut cervus<\/strong><br>mixed choir, timpani and trombone quartet<\/p>\n\n\n\n<figure class=\"wp-block-audio\"><audio controls src=\"http:\/\/thomasbeimel.de\/wp-content\/uploads\/2020\/05\/sicut_cervus.mp3\"><\/audio><figcaption>  <\/figcaption><\/figure>\n\n\n\n<div class=\"wp-block-image\"><figure class=\"alignright size-large is-resized\"><a href=\"http:\/\/thomasbeimel.de\/wp-content\/uploads\/2020\/12\/soledades.pdf\" target=\"_blank\" rel=\"noopener noreferrer\"><img loading=\"lazy\" decoding=\"async\" src=\"http:\/\/thomasbeimel.de\/wp-content\/uploads\/2020\/05\/Partitur-Icon-120px.png\" alt=\"\" class=\"wp-image-20\" width=\"60\" height=\"60\"\/><\/a><\/figure><\/div>\n\n\n\n<p class=\"has-small-font-size\">2003 <strong>soledades<\/strong><br>fl\u00fbte de voix (or tenor recorder)<\/p>\n\n\n\n<p>   <\/p>\n\n\n\n<p><\/p>\n\n\n\n<div class=\"wp-block-image\"><figure class=\"alignright size-large\"><a href=\"http:\/\/thomasbeimel.de\/wp-content\/uploads\/2020\/12\/tinieblas-fuer-Orgel.pdf\" target=\"_blank\" rel=\"noopener noreferrer\"><img loading=\"lazy\" decoding=\"async\" width=\"60\" height=\"60\" src=\"http:\/\/thomasbeimel.de\/wp-content\/uploads\/2020\/12\/partitur-icon2.png\" alt=\"\" class=\"wp-image-286\"\/><\/a><\/figure><\/div>\n\n\n\n<div class=\"wp-block-image\"><figure class=\"alignright size-large\"><a href=\"http:\/\/thomasbeimel.de\/wp-content\/uploads\/2020\/12\/tinieblas-fuer-drei-Akkordeons.pdf\" target=\"_blank\" rel=\"noopener noreferrer\"><img loading=\"lazy\" decoding=\"async\" width=\"60\" height=\"60\" src=\"http:\/\/thomasbeimel.de\/wp-content\/uploads\/2020\/12\/partitur-icon1.png\" alt=\"\" class=\"wp-image-287\"\/><\/a><\/figure><\/div>\n\n\n\n<p class=\"has-small-font-size\">2003\/2005 <strong>tinieblas<\/strong><br>accordiontrio<sup>1<\/sup><br>version for organ<sup>2<\/sup><\/p>\n\n\n\n<p>   <\/p>\n\n\n\n<p>   <\/p>\n\n\n\n<div class=\"wp-block-image\"><figure class=\"alignright size-large\"><a href=\"http:\/\/thomasbeimel.de\/wp-content\/uploads\/2020\/12\/veni-creator-spiritus-fuer-Altquerfloete-und-Tenorblockfloete.pdf\" target=\"_blank\" rel=\"noopener\"><img loading=\"lazy\" decoding=\"async\" width=\"60\" height=\"60\" src=\"http:\/\/thomasbeimel.de\/wp-content\/uploads\/2020\/12\/partitur-icon2.png\" alt=\"\" class=\"wp-image-286\"\/><\/a><\/figure><\/div>\n\n\n\n<div class=\"wp-block-image\"><figure class=\"alignright size-large\"><a href=\"http:\/\/thomasbeimel.de\/wp-content\/uploads\/2020\/12\/veni-creator-spiritus-fuer-Mezzosopran-und-Countertenor.pdf\" target=\"_blank\" rel=\"noopener\"><img loading=\"lazy\" decoding=\"async\" width=\"60\" height=\"60\" src=\"http:\/\/thomasbeimel.de\/wp-content\/uploads\/2020\/12\/partitur-icon1.png\" alt=\"\" class=\"wp-image-287\"\/><\/a><\/figure><\/div>\n\n\n\n<p class=\"has-small-font-size\">2003 <strong>veni creator spiritus<\/strong><br>mezzo soprano and counter&nbsp;<sup>1<\/sup><br>version for alto flute and tenore recorder<sup>2<\/sup><br>version for viola and viola d\u2019amore<\/p>\n\n\n\n<p>   <\/p>\n\n\n\n<div class=\"wp-block-image\"><figure class=\"alignright size-large is-resized\"><a href=\"http:\/\/thomasbeimel.de\/wp-content\/uploads\/2020\/12\/aynaki_deine-augen.pdf\" target=\"_blank\" rel=\"noopener noreferrer\"><img loading=\"lazy\" decoding=\"async\" src=\"http:\/\/thomasbeimel.de\/wp-content\/uploads\/2020\/05\/Partitur-Icon-120px.png\" alt=\"\" class=\"wp-image-20\" width=\"60\" height=\"60\"\/><\/a><\/figure><\/div>\n\n\n\n<p class=\"has-small-font-size\">2003 <strong>\u2019aynaki \/ deine augen<\/strong><br>mezzo soprano<\/p>\n\n\n\n<p>   <\/p>\n\n\n\n<div class=\"wp-block-image\"><figure class=\"alignright size-large is-resized\"><a href=\"http:\/\/thomasbeimel.de\/wp-content\/uploads\/2020\/05\/sumak.pdf\" target=\"_blank\" rel=\"noopener noreferrer\"><img loading=\"lazy\" decoding=\"async\" src=\"http:\/\/thomasbeimel.de\/wp-content\/uploads\/2020\/05\/Partitur-Icon-120px.png\" alt=\"\" class=\"wp-image-20\" width=\"60\" height=\"60\"\/><\/a><\/figure><\/div>\n\n\n\n<p class=\"has-small-font-size\">2003 <strong>sumak<\/strong><br>two violas<\/p>\n\n\n\n<p>   <\/p>\n\n\n\n<div class=\"wp-block-image\"><figure class=\"alignright size-large is-resized\"><a href=\"http:\/\/thomasbeimel.de\/wp-content\/uploads\/2020\/05\/colera.pdf\" target=\"_blank\" rel=\"noopener noreferrer\"><img loading=\"lazy\" decoding=\"async\" src=\"http:\/\/thomasbeimel.de\/wp-content\/uploads\/2020\/05\/Partitur-Icon-120px.png\" alt=\"\" class=\"wp-image-20\" width=\"60\" height=\"60\"\/><\/a><\/figure><\/div>\n\n\n\n<p class=\"has-small-font-size\">2003 <strong>c\u00f3lera<\/strong><br>string quartet<\/p>\n\n\n\n<figure class=\"wp-block-audio\"><audio controls src=\"http:\/\/thomasbeimel.de\/wp-content\/uploads\/2020\/05\/colera_clip.mp3\"><\/audio><figcaption>  <\/figcaption><\/figure>\n\n\n\n<div class=\"wp-block-image\"><figure class=\"alignright size-large is-resized\"><a href=\"http:\/\/thomasbeimel.de\/wp-content\/uploads\/2020\/12\/auf-deinen-wangen_goldene-tauben.pdf\" target=\"_blank\" rel=\"noopener noreferrer\"><img loading=\"lazy\" decoding=\"async\" src=\"http:\/\/thomasbeimel.de\/wp-content\/uploads\/2020\/05\/Partitur-Icon-120px.png\" alt=\"\" class=\"wp-image-20\" width=\"60\" height=\"60\"\/><\/a><\/figure><\/div>\n\n\n\n<p class=\"has-small-font-size\">2002 <strong>auf deinen wangen \/ goldene tauben<\/strong><br>mezzo soprano<\/p>\n\n\n\n<p>   <\/p>\n\n\n\n<div class=\"wp-block-image\"><figure class=\"alignright size-large is-resized\"><a href=\"http:\/\/thomasbeimel.de\/wp-content\/uploads\/2020\/05\/tanavar.pdf\" target=\"_blank\" rel=\"noopener noreferrer\"><img loading=\"lazy\" decoding=\"async\" src=\"http:\/\/thomasbeimel.de\/wp-content\/uploads\/2020\/05\/Partitur-Icon-120px.png\" alt=\"\" class=\"wp-image-20\" width=\"60\" height=\"60\"\/><\/a><\/figure><\/div>\n\n\n\n<p class=\"has-small-font-size\">2002 <strong>tan\u00e2var<\/strong><br>mezzo soprano, alto flute and trombone&nbsp;<\/p>\n\n\n\n<figure class=\"wp-block-audio\"><audio controls src=\"http:\/\/thomasbeimel.de\/wp-content\/uploads\/2020\/05\/tanavar.mp3\"><\/audio><figcaption>   <\/figcaption><\/figure>\n\n\n\n<div class=\"wp-block-image\"><figure class=\"alignright size-large is-resized\"><a href=\"http:\/\/thomasbeimel.de\/wp-content\/uploads\/2020\/12\/In-der-Strafkolonie.pdf\" target=\"_blank\" rel=\"noopener\"><img loading=\"lazy\" decoding=\"async\" src=\"http:\/\/thomasbeimel.de\/wp-content\/uploads\/2020\/05\/Partitur-Icon-120px.png\" alt=\"\" class=\"wp-image-20\" width=\"60\" height=\"60\"\/><\/a><\/figure><\/div>\n\n\n\n<p class=\"has-small-font-size\">2001 <strong>In der Strafkolonie<\/strong><br>theatremusic for a stageadaption of Franz Kafka\u2019s homonymous novel.&nbsp;<br>two violins, viola and treble viola da gamba<\/p>\n\n\n\n<p>   <\/p>\n\n\n\n<div class=\"wp-block-image\"><figure class=\"alignright size-large is-resized\"><a href=\"http:\/\/thomasbeimel.de\/wp-content\/uploads\/2020\/05\/petite chanson d'amour.pdf\" target=\"_blank\" rel=\"noopener noreferrer\"><img loading=\"lazy\" decoding=\"async\" src=\"http:\/\/thomasbeimel.de\/wp-content\/uploads\/2020\/05\/Partitur-Icon-120px.png\" alt=\"\" class=\"wp-image-20\" width=\"60\" height=\"60\"\/><\/a><\/figure><\/div>\n\n\n\n<p class=\"has-small-font-size\">2001 <strong>petite chanson d\u2019amour<\/strong><br>voice (with piano)&nbsp;<\/p>\n\n\n\n<figure class=\"wp-block-audio\"><audio controls src=\"http:\/\/thomasbeimel.de\/wp-content\/uploads\/2020\/05\/petite_chanson.mp3\"><\/audio><figcaption>  <\/figcaption><\/figure>\n\n\n\n<div class=\"wp-block-image is-style-default\"><figure class=\"alignright size-large is-resized\"><a href=\"http:\/\/thomasbeimel.de\/wp-content\/uploads\/2020\/12\/PARIS_Donroeschen.pdf\" target=\"_blank\" rel=\"noopener noreferrer\"><img loading=\"lazy\" decoding=\"async\" src=\"http:\/\/thomasbeimel.de\/wp-content\/uploads\/2020\/05\/Partitur-Icon-120px.png\" alt=\"\" class=\"wp-image-20\" width=\"60\" height=\"60\"\/><\/a><\/figure><\/div>\n\n\n\n<p class=\"has-small-font-size\">2001<strong> PARIS\/Dornr\u00f6schen<\/strong><br>Musik zum Film &#8222;Paris qui dort&#8220;<br>von Ren\u00e9 Clair (1923)<br>Posaunenquartett, Harfe, Streichorchester<\/p>\n\n\n\n<p>   <\/p>\n\n\n\n<div class=\"wp-block-image\"><figure class=\"alignright size-large is-resized\"><a href=\"http:\/\/thomasbeimel.de\/wp-content\/uploads\/2020\/05\/tu aliento.pdf\" target=\"_blank\" rel=\"noopener noreferrer\"><img loading=\"lazy\" decoding=\"async\" src=\"http:\/\/thomasbeimel.de\/wp-content\/uploads\/2020\/05\/Partitur-Icon-120px.png\" alt=\"\" class=\"wp-image-20\" width=\"60\" height=\"60\"\/><\/a><\/figure><\/div>\n\n\n\n<p class=\"has-small-font-size\">2001<strong> tu aliento<\/strong><br>mezzo soprano<\/p>\n\n\n\n<p>   <\/p>\n\n\n\n<div class=\"wp-block-image\"><figure class=\"alignright size-large is-resized\"><a href=\"http:\/\/thomasbeimel.de\/wp-content\/uploads\/2020\/05\/mneme.pdf\" target=\"_blank\" rel=\"noopener noreferrer\"><img loading=\"lazy\" decoding=\"async\" src=\"http:\/\/thomasbeimel.de\/wp-content\/uploads\/2020\/05\/Partitur-Icon-120px.png\" alt=\"\" class=\"wp-image-20\" width=\"60\" height=\"60\"\/><\/a><\/figure><\/div>\n\n\n\n<p class=\"has-small-font-size\">2000 <strong>mneme&nbsp;<\/strong><br>string quartet<\/p>\n\n\n\n<figure class=\"wp-block-audio\"><audio controls src=\"http:\/\/thomasbeimel.de\/wp-content\/uploads\/2020\/05\/mneme.mp3\"><\/audio><figcaption>  <\/figcaption><\/figure>\n\n\n\n<div class=\"wp-block-image is-style-default\"><figure class=\"alignright size-large is-resized\"><a href=\"http:\/\/thomasbeimel.de\/wp-content\/uploads\/2021\/01\/Beimel_Melos-fuer-Pauken.pdf\" target=\"_blank\" rel=\"noopener\"><img loading=\"lazy\" decoding=\"async\" src=\"http:\/\/thomasbeimel.de\/wp-content\/uploads\/2020\/05\/Partitur-Icon-120px.png\" alt=\"\" class=\"wp-image-20\" width=\"60\" height=\"60\"\/><\/a><\/figure><\/div>\n\n\n\n<p class=\"has-small-font-size\">2000 <strong>melos<\/strong><br>timpani<\/p>\n\n\n\n<p>   <\/p>\n\n\n\n<div class=\"wp-block-image\"><figure class=\"alignright size-large is-resized\"><a href=\"http:\/\/thomasbeimel.de\/wp-content\/uploads\/2020\/05\/calling from far away.pdf\" target=\"_blank\" rel=\"noopener noreferrer\"><img loading=\"lazy\" decoding=\"async\" src=\"http:\/\/thomasbeimel.de\/wp-content\/uploads\/2020\/05\/Partitur-Icon-120px.png\" alt=\"\" class=\"wp-image-20\" width=\"60\" height=\"60\"\/><\/a><\/figure><\/div>\n\n\n\n<p class=\"has-small-font-size\">2000 <strong>&#8230;calling, from far away&#8230;<\/strong><br>vibraphone<\/p>\n\n\n\n<p>   <\/p>\n\n\n\n<div class=\"wp-block-image\"><figure class=\"alignright size-large is-resized\"><a href=\"http:\/\/thomasbeimel.de\/wp-content\/uploads\/2020\/05\/and what of the sleep of animals.pdf\" target=\"_blank\" rel=\"noopener noreferrer\"><img loading=\"lazy\" decoding=\"async\" src=\"http:\/\/thomasbeimel.de\/wp-content\/uploads\/2020\/05\/Partitur-Icon-120px.png\" alt=\"\" class=\"wp-image-20\" width=\"60\" height=\"60\"\/><\/a><\/figure><\/div>\n\n\n\n<p class=\"has-small-font-size\">2000\/2004 <strong>&#8230;and what of the sleep of animals&#8230;<\/strong><br>string orchestra<\/p>\n\n\n\n<figure class=\"wp-block-audio\"><audio controls src=\"http:\/\/thomasbeimel.de\/wp-content\/uploads\/2020\/05\/and_what_of_the_sleep_of_animals_clip.mp3\"><\/audio><figcaption>  <\/figcaption><\/figure>\n\n\n\n<div class=\"wp-block-image is-style-default\"><figure class=\"alignright size-large is-resized\"><a href=\"http:\/\/thomasbeimel.de\/wp-content\/uploads\/2020\/12\/Okeanos.pdf\" target=\"_blank\" rel=\"noopener\"><img loading=\"lazy\" decoding=\"async\" src=\"http:\/\/thomasbeimel.de\/wp-content\/uploads\/2020\/05\/Partitur-Icon-120px.png\" alt=\"\" class=\"wp-image-20\" width=\"60\" height=\"60\"\/><\/a><\/figure><\/div>\n\n\n\n<p class=\"has-small-font-size\">1999-2002 <strong>Okean\u00f3s<\/strong><br>Concerto for amplified cello and orchestra<\/p>\n\n\n\n<p>   <\/p>\n\n\n\n<div class=\"wp-block-image is-style-default\"><figure class=\"alignright size-large is-resized\"><a href=\"http:\/\/thomasbeimel.de\/wp-content\/uploads\/2020\/12\/Idyllen.pdf\" target=\"_blank\" rel=\"noopener\"><img loading=\"lazy\" decoding=\"async\" src=\"http:\/\/thomasbeimel.de\/wp-content\/uploads\/2020\/05\/Partitur-Icon-120px.png\" alt=\"\" class=\"wp-image-20\" width=\"60\" height=\"60\"\/><\/a><\/figure><\/div>\n\n\n\n<p class=\"has-small-font-size\">1998\/99 <strong>Idyllen<\/strong> &#8211; Musical Scenes after Jean Paul&nbsp;<br>Chamber Opera (Libretto: Michael Schneider)&nbsp;<br>2 basses, string quartet, tuba and videos&nbsp;<\/p>\n\n\n\n<p>   <\/p>\n\n\n\n<div class=\"wp-block-image is-style-default\"><figure class=\"alignright size-large is-resized\"><a href=\"http:\/\/thomasbeimel.de\/wp-content\/uploads\/2020\/12\/Larrivee-a-Cythere.pdf\" target=\"_blank\" rel=\"noopener\"><img loading=\"lazy\" decoding=\"async\" src=\"http:\/\/thomasbeimel.de\/wp-content\/uploads\/2020\/05\/Partitur-Icon-120px.png\" alt=\"\" class=\"wp-image-20\" width=\"60\" height=\"60\"\/><\/a><\/figure><\/div>\n\n\n\n<p class=\"has-small-font-size\">1998 <strong>L&#8217;arriv\u00e9e \u00e0 Cyth\u00e8re<\/strong><br>Altquerfl\u00f6te und Schlagzeug<\/p>\n\n\n\n<p>   <\/p>\n\n\n\n<div class=\"wp-block-image is-style-default\"><figure class=\"alignright size-large\"><a href=\"http:\/\/thomasbeimel.de\/wp-content\/uploads\/2020\/12\/saeta-fuer-Vokalsextett.pdf\" target=\"_blank\" rel=\"noopener\"><img loading=\"lazy\" decoding=\"async\" width=\"60\" height=\"60\" src=\"http:\/\/thomasbeimel.de\/wp-content\/uploads\/2020\/12\/partitur-icon2.png\" alt=\"\" class=\"wp-image-286\"\/><\/a><\/figure><\/div>\n\n\n\n<div class=\"wp-block-image is-style-default\"><figure class=\"alignright size-large\"><a href=\"http:\/\/thomasbeimel.de\/wp-content\/uploads\/2020\/12\/saeta-fuer-sechs-Frauenstimmen.pdf\" target=\"_blank\" rel=\"noopener\"><img loading=\"lazy\" decoding=\"async\" width=\"60\" height=\"60\" src=\"http:\/\/thomasbeimel.de\/wp-content\/uploads\/2020\/12\/partitur-icon1.png\" alt=\"\" class=\"wp-image-287\"\/><\/a><\/figure><\/div>\n\n\n\n<p class=\"has-small-font-size\">1998 <strong>saeta&nbsp;<\/strong><br>six women voices <sup>1<\/sup><br>version for six mixed voices&nbsp;(2003) <sup>2<\/sup><\/p>\n\n\n\n<figure class=\"wp-block-audio\"><audio controls src=\"http:\/\/thomasbeimel.de\/wp-content\/uploads\/2020\/05\/saeta.mp3\"><\/audio><figcaption>  <\/figcaption><\/figure>\n\n\n\n<p class=\"has-medium-font-size\"><strong>compositions for children and amateurs<\/strong><\/p>\n\n\n\n<div class=\"wp-block-image is-style-default\"><figure class=\"alignright size-large is-resized\"><a href=\"http:\/\/thomasbeimel.de\/wp-content\/uploads\/2020\/12\/there-is-no-rose.pdf\" target=\"_blank\" rel=\"noopener\"><img loading=\"lazy\" decoding=\"async\" src=\"http:\/\/thomasbeimel.de\/wp-content\/uploads\/2020\/05\/Partitur-Icon-120px.png\" alt=\"\" class=\"wp-image-20\" width=\"60\" height=\"60\"\/><\/a><\/figure><\/div>\n\n\n\n<p class=\"has-small-font-size\">2011 <strong>there is no rose<\/strong><br>choir<\/p>\n\n\n\n<p>   <\/p>\n\n\n\n<div class=\"wp-block-image is-style-default\"><figure class=\"alignright size-large is-resized\"><a href=\"http:\/\/thomasbeimel.de\/wp-content\/uploads\/2020\/12\/passacaglia-in-blue.pdf\" target=\"_blank\" rel=\"noopener\"><img loading=\"lazy\" decoding=\"async\" src=\"http:\/\/thomasbeimel.de\/wp-content\/uploads\/2020\/05\/Partitur-Icon-120px.png\" alt=\"\" class=\"wp-image-20\" width=\"60\" height=\"60\"\/><\/a><\/figure><\/div>\n\n\n\n<p class=\"has-small-font-size\">2010 <strong>passacaglia (in blue)<\/strong><br>bassoon, vibraphone, accordion- and percussion ensemble<\/p>\n\n\n\n<p>   <\/p>\n\n\n\n<div class=\"wp-block-image is-style-default\"><figure class=\"alignright size-large is-resized\"><a href=\"http:\/\/thomasbeimel.de\/wp-content\/uploads\/2020\/12\/Die-Werkstatt-der-Schmetterlinge.pdf\" target=\"_blank\" rel=\"noopener\"><img loading=\"lazy\" decoding=\"async\" src=\"http:\/\/thomasbeimel.de\/wp-content\/uploads\/2020\/05\/Partitur-Icon-120px.png\" alt=\"\" class=\"wp-image-20\" width=\"60\" height=\"60\"\/><\/a><\/figure><\/div>\n\n\n\n<p class=\"has-small-font-size\">2005 <strong>Die Werkstatt der Schmetterlinge<\/strong><br>music for a story by Gioconda Belli<br>accordion orchestra, ad lib. with violin and tuba<\/p>\n\n\n\n<p>   <\/p>\n\n\n\n<p class=\"has-small-font-size\">2003 <strong>Die Wupperindianer<\/strong><br>flute, horn, trombone, accordion, harp, percussion&nbsp;<\/p>\n\n\n\n<p>   <\/p>\n\n\n\n<div class=\"wp-block-image is-style-default\"><figure class=\"alignright size-large is-resized\"><a href=\"http:\/\/thomasbeimel.de\/wp-content\/uploads\/2020\/12\/luise-schwebt.pdf\" target=\"_blank\" rel=\"noopener\"><img loading=\"lazy\" decoding=\"async\" src=\"http:\/\/thomasbeimel.de\/wp-content\/uploads\/2020\/05\/Partitur-Icon-120px.png\" alt=\"\" class=\"wp-image-20\" width=\"60\" height=\"60\"\/><\/a><\/figure><\/div>\n\n\n\n<p class=\"has-small-font-size\">2002 <strong>Luise schwebt<\/strong><br>flute, horn, trombone, accordion, double-bass, percussion<\/p>\n\n\n\n<p>   <\/p>\n\n\n\n<div class=\"wp-block-image is-style-default\"><figure class=\"alignright size-large is-resized\"><a href=\"http:\/\/thomasbeimel.de\/wp-content\/uploads\/2020\/12\/faltenbalg.pdf\" target=\"_blank\" rel=\"noopener\"><img loading=\"lazy\" decoding=\"async\" src=\"http:\/\/thomasbeimel.de\/wp-content\/uploads\/2020\/05\/Partitur-Icon-120px.png\" alt=\"\" class=\"wp-image-20\" width=\"60\" height=\"60\"\/><\/a><\/figure><\/div>\n\n\n\n<p class=\"has-small-font-size\">2001 <strong>faltenbalg<\/strong><br>five accordion ensembles<\/p>\n\n\n\n<p>   <\/p>\n\n\n\n<div class=\"wp-block-image is-style-default\"><figure class=\"alignright size-large is-resized\"><a href=\"http:\/\/thomasbeimel.de\/wp-content\/uploads\/2020\/12\/Insekten-Kinder-des-Lichts.pdf\" target=\"_blank\" rel=\"noopener\"><img loading=\"lazy\" decoding=\"async\" src=\"http:\/\/thomasbeimel.de\/wp-content\/uploads\/2020\/05\/Partitur-Icon-120px.png\" alt=\"\" class=\"wp-image-20\" width=\"60\" height=\"60\"\/><\/a><\/figure><\/div>\n\n\n\n<p class=\"has-small-font-size\">1998 <strong>Insekten: Kinder des Lichts<\/strong><br>paraphrasis on Skrjabin\u2019s 10th Piano sonata for four accordions&nbsp;<\/p>\n\n\n\n<p>   <\/p>\n\n\n\n<div class=\"wp-block-image is-style-default\"><figure class=\"alignright size-large is-resized\"><a href=\"http:\/\/thomasbeimel.de\/wp-content\/uploads\/2020\/12\/in-betrachtung-des-fallenden-schnees....pdf\" target=\"_blank\" rel=\"noopener\"><img loading=\"lazy\" decoding=\"async\" src=\"http:\/\/thomasbeimel.de\/wp-content\/uploads\/2020\/05\/Partitur-Icon-120px.png\" alt=\"\" class=\"wp-image-20\" width=\"60\" height=\"60\"\/><\/a><\/figure><\/div>\n\n\n\n<p class=\"has-small-font-size\">1996 <strong>&#8230;in betrachtung fallenden schnees&#8230;<\/strong><br>orchestra, different instrumental groups, children choir<\/p>\n\n\n\n<p>   <\/p>\n\n\n\n<div class=\"wp-block-image is-style-default\"><figure class=\"alignright size-large is-resized\"><a href=\"http:\/\/thomasbeimel.de\/wp-content\/uploads\/2020\/12\/Naechtliche-Erzaehlungen.pdf\" target=\"_blank\" rel=\"noopener\"><img loading=\"lazy\" decoding=\"async\" src=\"http:\/\/thomasbeimel.de\/wp-content\/uploads\/2020\/05\/Partitur-Icon-120px.png\" alt=\"\" class=\"wp-image-20\" width=\"60\" height=\"60\"\/><\/a><\/figure><\/div>\n\n\n\n<p class=\"has-small-font-size\">1995 <strong>N\u00e4chtliche Erz\u00e4hlungen<\/strong><br>strings, recorders, three percussionists, two pianos and tape<\/p>\n\n\n\n<p>   <\/p>\n\n\n\n<div class=\"wp-block-image is-style-default\"><figure class=\"alignright size-large is-resized\"><a href=\"http:\/\/thomasbeimel.de\/wp-content\/uploads\/2020\/12\/Lampions.pdf\" target=\"_blank\" rel=\"noopener\"><img loading=\"lazy\" decoding=\"async\" src=\"http:\/\/thomasbeimel.de\/wp-content\/uploads\/2020\/05\/Partitur-Icon-120px.png\" alt=\"\" class=\"wp-image-20\" width=\"60\" height=\"60\"\/><\/a><\/figure><\/div>\n\n\n\n<p class=\"has-small-font-size\">1994 <strong>Lampions<\/strong><br>three violins and cello<\/p>\n\n\n\n<p>   <\/p>\n","protected":false},"excerpt":{"rendered":"<p>Auftr\u00e4ge vom Kultursekretariat NRW, den Vereinigten St\u00e4dtischen B\u00fchnen Krefeld und M\u00f6nchengladbach, der Kunststiftung NRW, den Musikschulen in&nbsp;Leichlingen und Bochum, dem Kulturb\u00fcro Wuppertal, dem Stadttheater F\u00fcrth, den Wuppertaler B\u00fchnen, der Bamberger Dommusik, dem Kettwiger Bach-Ensemble und dem Bayerischen Kammerorchester. Auff\u00fchrungen u.a. am Stadttheater M\u00f6nchengladbach, bei den Weltmusiktagen 1999 in Rum\u00e4nien,&nbsp;&nbsp; bei der Bergischen Biennale, den \u201cTagen &hellip; <a href=\"https:\/\/thomasbeimel.de\/?page_id=16\" class=\"more-link\"><span class=\"screen-reader-text\">Kompositionen<\/span> weiterlesen<\/a><\/p>\n","protected":false},"author":1,"featured_media":0,"parent":0,"menu_order":0,"comment_status":"closed","ping_status":"closed","template":"","meta":{"footnotes":""},"_links":{"self":[{"href":"https:\/\/thomasbeimel.de\/index.php?rest_route=\/wp\/v2\/pages\/16"}],"collection":[{"href":"https:\/\/thomasbeimel.de\/index.php?rest_route=\/wp\/v2\/pages"}],"about":[{"href":"https:\/\/thomasbeimel.de\/index.php?rest_route=\/wp\/v2\/types\/page"}],"author":[{"embeddable":true,"href":"https:\/\/thomasbeimel.de\/index.php?rest_route=\/wp\/v2\/users\/1"}],"replies":[{"embeddable":true,"href":"https:\/\/thomasbeimel.de\/index.php?rest_route=%2Fwp%2Fv2%2Fcomments&post=16"}],"version-history":[{"count":73,"href":"https:\/\/thomasbeimel.de\/index.php?rest_route=\/wp\/v2\/pages\/16\/revisions"}],"predecessor-version":[{"id":313,"href":"https:\/\/thomasbeimel.de\/index.php?rest_route=\/wp\/v2\/pages\/16\/revisions\/313"}],"wp:attachment":[{"href":"https:\/\/thomasbeimel.de\/index.php?rest_route=%2Fwp%2Fv2%2Fmedia&parent=16"}],"curies":[{"name":"wp","href":"https:\/\/api.w.org\/{rel}","templated":true}]}}